{"id":219,"date":"2015-01-14T10:46:22","date_gmt":"2015-01-14T09:46:22","guid":{"rendered":"http:\/\/www.kiskunmajsafc.hu\/?page_id=219"},"modified":"2015-01-14T14:29:27","modified_gmt":"2015-01-14T13:29:27","slug":"palyazatok","status":"publish","type":"page","link":"https:\/\/www.kiskunmajsafc.hu\/?page_id=219","title":{"rendered":"T\u00c1MOP-6.1.2-1"},"content":{"rendered":"<p>&nbsp;<\/p>\n<p><a href=\"http:\/\/www.kiskunmajsafc.hu\/wp-content\/uploads\/2015\/01\/KiskunmajsaFC_tabla_A3.jpg\" rel=\"lightbox[219]\"><img loading=\"lazy\" class=\"aligncenter wp-image-247\" src=\"http:\/\/www.kiskunmajsafc.hu\/wp-content\/uploads\/2015\/01\/KiskunmajsaFC_tabla_A3-1024x674.jpg\" alt=\"KiskunmajsaFC_tabla_A3\" width=\"512\" height=\"337\" srcset=\"https:\/\/www.kiskunmajsafc.hu\/wp-content\/uploads\/2015\/01\/KiskunmajsaFC_tabla_A3-1024x674.jpg 1024w, https:\/\/www.kiskunmajsafc.hu\/wp-content\/uploads\/2015\/01\/KiskunmajsaFC_tabla_A3-300x197.jpg 300w\" sizes=\"(max-width: 512px) 100vw, 512px\" \/><\/a><\/p>\n<p>&nbsp;<\/p>\n<p>&nbsp;<\/p>\n<p>&nbsp;<\/p>\n<p>&nbsp;<\/p>\n<p style=\"text-align: justify;\">A p\u00e1ly\u00e1zati programban felk\u00edn\u00e1lt, \u00f6n\u00e1ll\u00f3an t\u00e1mogathat\u00f3 tev\u00e9kenys\u00e9gek k\u00f6z\u00fcl \u2019A rendszeres testmozg\u00e1st el\u0151seg\u00edt\u0151 szabadid\u0151s programok megval\u00f3s\u00edt\u00e1sa, melyek hangs\u00falyt helyeznek az energiaegyens\u00falyra \u2013 kiv\u00e9ve technikai sport\u00e1gakkal, extr\u00e9m sportokkal, versenysportokkal \u00f6sszef\u00fcgg\u0151 programok\u201d c\u00edmet visel\u0151 illeszkedett legjobban a club arculat\u00e1hoz. A szabadid\u0151s programok megval\u00f3s\u00edt\u00e1sa mellett hasznos elk\u00e9pzel\u00e9snek \u00edg\u00e9rkezett az energiaegyens\u00faly (t\u00e1pl\u00e1lkoz\u00e1s \u2013 mozg\u00e1s megfelel\u0151 ar\u00e1nya \u00e9s min\u0151s\u00e9ge) t\u00e9m\u00e1ja, mely jellemz\u0151en koroszt\u00e1lyos probl\u00e9ma. Ennek prevenci\u00f3j\u00e1r\u00f3l, r\u00e9szleteir\u0151l k\u00f6z\u00f6ss\u00e9gi k\u00f6rnyezetben foglalkoz\u00e1sokat szervezni j\u00f3 tervnek t\u0171nt.<\/p>\n<p style=\"text-align: justify;\">A v\u00e1lasztott tev\u00e9kenys\u00e9gt\u00edpusok \u00e9s azok megval\u00f3s\u00edt\u00e1s\u00e1hoz figyelembe kellett venni a club megszokott \u00e9let\u00e9t, kialakult m\u0171k\u00f6d\u00e9si ritmus\u00e1g.<\/p>\n<p style=\"text-align: justify;\">A kijel\u00f6lt tev\u00e9kenys\u00e9gt\u00edpusokhoz kapcsol\u00f3d\u00f3 tartalmi \u00e9s l\u00e9tsz\u00e1m elv\u00e1r\u00e1sok gondos m\u00e9rlegel\u00e9s ut\u00e1n ker\u00fcltek a projektelemek k\u00f6z\u00e9. Ezek alapj\u00e1n az al\u00e1bbi tev\u00e9kenys\u00e9gt\u00edpusok ker\u00fcltek beemel\u00e9sre:<\/p>\n<ul>\n<li style=\"text-align: justify;\">bajnoks\u00e1g, mely hat csapattal, 5 fordul\u00f3ban ker\u00fclt megrendez\u00e9sre, 84 f\u0151 r\u00e9szv\u00e9tel\u00e9vel<\/li>\n<li style=\"text-align: justify;\">verseny, n\u00e9gy csapattal 48 f\u0151 r\u00e9szv\u00e9tel\u00e9vel ker\u00fclt megrendez\u00e9sre<\/li>\n<li style=\"text-align: justify;\">sportfoglalkoz\u00e1s, 40 alkalommal, 17 taggal zajlott,<\/li>\n<li style=\"text-align: justify;\">bentlak\u00e1sos t\u00e1bor \u2013 20 f\u0151 r\u00e9szv\u00e9tel\u00e9vel 7 napon, v\u00e1ltozatos programokkal ker\u00fclt megrendez\u00e9sre,<\/li>\n<li style=\"text-align: justify;\">klub, melyben 17 f\u0151 vett r\u00e9szt rendszeresen az eg\u00e9szs\u00e9gfejleszt\u0151 programokon,<\/li>\n<li style=\"text-align: justify;\">eg\u00e9szs\u00e9gnap, mely nagy sikerrel, 108 r\u00e9sztvev\u0151vel ker\u00fclt megrendez\u00e9sre,<\/li>\n<li style=\"text-align: justify;\">interakt\u00edv web-lap, melyen r\u00e9szletesebben t\u00e1j\u00e9koz\u00f3dhat az \u00e9rdekl\u0151 a klub \u00e9let\u00e9r\u0151l, benne e projekt megval\u00f3s\u00edt\u00e1s\u00e1r\u00f3l, \u00e9s tov\u00e1bbi fenntart\u00e1s\u00e1r\u00f3l, illetve k\u00f6zvetlen kapcsolatot tarthat a sz\u00e1m\u00e1ra \u00e9rdekes t\u00e9m\u00e1kr\u00f3l, esem\u00e9nyekr\u0151l a klubbal,<\/li>\n<li style=\"text-align: justify;\">eg\u00e9szs\u00e9gtervet dolgoztak ki a klubtagok eg\u00e9szs\u00e9gi \u00e1llapot\u00e1nak fejleszt\u00e9se \u00e9rdek\u00e9ben,<\/li>\n<li style=\"text-align: justify;\">eg\u00e9szs\u00e9g\u00fcgyi \u00e1llapotfelm\u00e9r\u00e9sben vett r\u00e9szt 17 fiatal, amat\u0151r sportol\u00f3,<\/li>\n<li style=\"text-align: justify;\">\u00a0ismeretterjeszt\u0151, eg\u00e9szs\u00e9gfejleszt\u0151 (11 db) cikkek jelentek meg a projekt megval\u00f3s\u00edt\u00e1si ideje alatt a helyi m\u00e9di\u00e1ban, amit b\u00e1rki el\u00e9rhetett, aki olvasta ezeket az \u00fajs\u00e1gokat.<\/li>\n<\/ul>\n<p style=\"text-align: justify;\">Fontos szempont volt, hogy a klub sporttev\u00e9kenys\u00e9ge a t\u00e9li h\u00f3napokban teremben, a tavaszi \u00e9s ny\u00e1ri h\u00f3napokban m\u00e1r szabad t\u00e9rben zajlottak, tematik\u00e1jukban id\u0151beli sorrendis\u00e9g\u00fckben egym\u00e1sra \u00e9p\u00fcltek. A folyamatoss\u00e1g egy j\u00f3l fel\u00e9p\u00edtett, tudatos szeml\u00e9letv\u00e1ltoz\u00e1st el\u0151id\u00e9z\u0151 projekt l\u00e9trehoz\u00e1s\u00e1t eredm\u00e9nyezte. A fenntart\u00e1si id\u0151szakban folytatjuk a sportfoglalkoz\u00e1sokat,\u00a0 szervez\u00fcnk versenyt \u00e9s bajnoks\u00e1got, hiszen ezek az elemek a leg\u00f6szt\u00f6nz\u0151bbek a mozg\u00e1s \u00e9s eg\u00e9szs\u00e9ges \u00e9letm\u00f3d tekintet\u00e9ben.<\/p>\n","protected":false},"excerpt":{"rendered":"<p>&nbsp; &nbsp; &nbsp; &nbsp; &nbsp; A p\u00e1ly\u00e1zati programban felk\u00edn\u00e1lt, \u00f6n\u00e1ll\u00f3an t\u00e1mogathat\u00f3 tev\u00e9kenys\u00e9gek k\u00f6z\u00fcl \u2019A rendszeres testmozg\u00e1st el\u0151seg\u00edt\u0151 szabadid\u0151s programok megval\u00f3s\u00edt\u00e1sa, melyek hangs\u00falyt helyeznek az energiaegyens\u00falyra \u2013 kiv\u00e9ve technikai sport\u00e1gakkal, extr\u00e9m sportokkal, versenysportokkal \u00f6sszef\u00fcgg\u0151 programok\u201d c\u00edmet visel\u0151 illeszkedett legjobban a club arculat\u00e1hoz. A szabadid\u0151s programok megval\u00f3s\u00edt\u00e1sa mellett hasznos elk\u00e9pzel\u00e9snek \u00edg\u00e9rkezett az energiaegyens\u00faly (t\u00e1pl\u00e1lkoz\u00e1s \u2013 mozg\u00e1s megfelel\u0151 [&hellip;]<\/p>\n","protected":false},"author":1,"featured_media":0,"parent":0,"menu_order":0,"comment_status":"open","ping_status":"open","template":"","meta":[],"_links":{"self":[{"href":"https:\/\/www.kiskunmajsafc.hu\/index.php?rest_route=\/wp\/v2\/pages\/219"}],"collection":[{"href":"https:\/\/www.kiskunmajsafc.hu\/index.php?rest_route=\/wp\/v2\/pages"}],"about":[{"href":"https:\/\/www.kiskunmajsafc.hu\/index.php?rest_route=\/wp\/v2\/types\/page"}],"author":[{"embeddable":true,"href":"https:\/\/www.kiskunmajsafc.hu\/index.php?rest_route=\/wp\/v2\/users\/1"}],"replies":[{"embeddable":true,"href":"https:\/\/www.kiskunmajsafc.hu\/index.php?rest_route=%2Fwp%2Fv2%2Fcomments&post=219"}],"version-history":[{"count":5,"href":"https:\/\/www.kiskunmajsafc.hu\/index.php?rest_route=\/wp\/v2\/pages\/219\/revisions"}],"predecessor-version":[{"id":251,"href":"https:\/\/www.kiskunmajsafc.hu\/index.php?rest_route=\/wp\/v2\/pages\/219\/revisions\/251"}],"wp:attachment":[{"href":"https:\/\/www.kiskunmajsafc.hu\/index.php?rest_route=%2Fwp%2Fv2%2Fmedia&parent=219"}],"curies":[{"name":"wp","href":"https:\/\/api.w.org\/{rel}","templated":true}]}}